{"id":12,"date":"2026-03-02T08:48:01","date_gmt":"2026-03-02T07:48:01","guid":{"rendered":"https:\/\/site22.monsitecommeunpro.fr\/?page_id=12"},"modified":"2026-03-03T15:45:39","modified_gmt":"2026-03-03T14:45:39","slug":"page-daccueil","status":"publish","type":"page","link":"https:\/\/site22.monsitecommeunpro.fr\/?page_id=12","title":{"rendered":"Les Ardennes, id\u00e9ale pour vos randonn\u00e9es !"},"content":{"rendered":"\n<h3 class=\"wp-block-heading\">Voici le top 10 des randonn\u00e9es \u00e0 ne pas louper dans nos Ardennes :<\/h3>\n\n\n\n<blockquote class=\"wp-block-quote is-layout-flow wp-block-quote-is-layout-flow\">\n<ul class=\"wp-block-list\">\n<li>Les Dames de Meuse<br>Avec une vue panoramique sur la vall\u00e9e de Laifour et le pont d&rsquo;Anchamps. Depuis le d\u00e9part de l&rsquo;abbaye des Mazures, nous vous accompagnerons sur une balade 6kilom\u00e8tres au total avec au milieu un arr\u00eat aupr\u00e8s du point de vue des Dames de Meuse et nous aurons la chance si vous pr\u00eatez attention aux endroits o\u00f9 vous posez vos pieds de voir des animaux. <\/li>\n<\/ul>\n<\/blockquote>\n\n\n\n<div class=\"wp-block-media-text is-stacked-on-mobile\"><figure class=\"wp-block-media-text__media\"><img loading=\"lazy\" decoding=\"async\" width=\"768\" height=\"1024\" src=\"https:\/\/site22.monsitecommeunpro.fr\/wp-content\/uploads\/2026\/03\/IMG_4053-2-768x1024.jpeg\" alt=\"\" class=\"wp-image-41 size-full\" srcset=\"https:\/\/site22.monsitecommeunpro.fr\/wp-content\/uploads\/2026\/03\/IMG_4053-2-768x1024.jpeg 768w, https:\/\/site22.monsitecommeunpro.fr\/wp-content\/uploads\/2026\/03\/IMG_4053-2-225x300.jpeg 225w, https:\/\/site22.monsitecommeunpro.fr\/wp-content\/uploads\/2026\/03\/IMG_4053-2-1152x1536.jpeg 1152w, https:\/\/site22.monsitecommeunpro.fr\/wp-content\/uploads\/2026\/03\/IMG_4053-2-1536x2048.jpeg 1536w, https:\/\/site22.monsitecommeunpro.fr\/wp-content\/uploads\/2026\/03\/IMG_4053-2-scaled.jpeg 1920w\" sizes=\"auto, (max-width: 768px) 100vw, 768px\" \/><\/figure><div class=\"wp-block-media-text__content\">\n<p><strong>Dames de Meuse <\/strong><\/p>\n\n\n\n<p>Localisation : Sur les hauts de Laifour, dans le parc des Mazures.<\/p>\n\n\n\n<p>Niveau de difficult\u00e9 : Facile<\/p>\n\n\n\n<p>Temps : 1heure 45min<\/p>\n\n\n\n<p>Distance : 6\/7Km<\/p>\n<\/div><\/div>\n\n\n\n<blockquote class=\"wp-block-quote is-layout-flow wp-block-quote-is-layout-flow\">\n<ul class=\"wp-block-list\">\n<li>Le Roc la Tour <br>Un endroit que l&rsquo;on ne retrouve nul part ailleurs, de part sa vue sur la for\u00eat ardennaise, combin\u00e9 de ses roches et ses escaladeurs pour les plus motiv\u00e9s. Ce point de vue est accessible de diff\u00e9rentes mani\u00e8res, pour ceux qui n&rsquo;auront pas envie de faire une grande marche un acc\u00e8s vous sera d\u00e9di\u00e9 avec un parking situ\u00e9 \u00e0 pr\u00e8s de 500m\u00e8tres. Mais pour ceux qui voudront prendre plaisir \u00e0 d\u00e9couvrir les bois de Montherm\u00e9, Thilay et Tournavaux je vous invite \u00e0 me rejoindre pour initier notre randonn\u00e9e en bas du ruisseau de la Lyre o\u00f9 nous effectuerons une randonn\u00e9e de 10Km sous forme de boucle avec un bel arr\u00eat au Roc la Tour.<\/li>\n<\/ul>\n<\/blockquote>\n\n\n\n<div class=\"wp-block-media-text is-stacked-on-mobile\"><figure class=\"wp-block-media-text__media\"><img loading=\"lazy\" decoding=\"async\" width=\"768\" height=\"1024\" src=\"https:\/\/site22.monsitecommeunpro.fr\/wp-content\/uploads\/2026\/03\/IMG_0980-768x1024.jpeg\" alt=\"\" class=\"wp-image-42 size-full\" srcset=\"https:\/\/site22.monsitecommeunpro.fr\/wp-content\/uploads\/2026\/03\/IMG_0980-768x1024.jpeg 768w, https:\/\/site22.monsitecommeunpro.fr\/wp-content\/uploads\/2026\/03\/IMG_0980-225x300.jpeg 225w, https:\/\/site22.monsitecommeunpro.fr\/wp-content\/uploads\/2026\/03\/IMG_0980-1152x1536.jpeg 1152w, https:\/\/site22.monsitecommeunpro.fr\/wp-content\/uploads\/2026\/03\/IMG_0980-1536x2048.jpeg 1536w, https:\/\/site22.monsitecommeunpro.fr\/wp-content\/uploads\/2026\/03\/IMG_0980-scaled.jpeg 1920w\" sizes=\"auto, (max-width: 768px) 100vw, 768px\" \/><\/figure><div class=\"wp-block-media-text__content\">\n<p><strong>Roc la Tour<\/strong><\/p>\n\n\n\n<p>Localisation : Entre les bois de Montherm\u00e9, Tournavaux et Thilay<\/p>\n\n\n\n<p>Niveau de difficult\u00e9 : Moyen <\/p>\n\n\n\n<p>Temps : 2heure 30min<\/p>\n\n\n\n<p>Distance : +10Km<\/p>\n<\/div><\/div>\n\n\n\n<blockquote class=\"wp-block-quote is-layout-flow wp-block-quote-is-layout-flow\">\n<ul class=\"wp-block-list\">\n<li>Les Cr\u00eates de Laifour<br>Avec cette randonn\u00e9e, nous vous proposons d&rsquo;acc\u00e9der \u00e0 une randonn\u00e9e compl\u00e8te entre d\u00e9nivel\u00e9s et escalades afin d&rsquo;acc\u00e9der \u00e0 un lieu exclusif que je vous laisse d\u00e9couvrir \u00e0 travers les photos (tunnel sous la roche de 30m\u00e8tres).<\/li>\n<\/ul>\n<\/blockquote>\n\n\n\n<figure class=\"wp-block-gallery has-nested-images columns-default is-cropped wp-block-gallery-1 is-layout-flex wp-block-gallery-is-layout-flex\">\n<figure class=\"wp-block-image size-large\"><img loading=\"lazy\" decoding=\"async\" width=\"768\" height=\"1024\" data-id=\"46\" src=\"https:\/\/site22.monsitecommeunpro.fr\/wp-content\/uploads\/2026\/03\/IMG_3031-768x1024.jpeg\" alt=\"\" class=\"wp-image-46\" srcset=\"https:\/\/site22.monsitecommeunpro.fr\/wp-content\/uploads\/2026\/03\/IMG_3031-768x1024.jpeg 768w, https:\/\/site22.monsitecommeunpro.fr\/wp-content\/uploads\/2026\/03\/IMG_3031-225x300.jpeg 225w, https:\/\/site22.monsitecommeunpro.fr\/wp-content\/uploads\/2026\/03\/IMG_3031-1152x1536.jpeg 1152w, https:\/\/site22.monsitecommeunpro.fr\/wp-content\/uploads\/2026\/03\/IMG_3031-1536x2048.jpeg 1536w, https:\/\/site22.monsitecommeunpro.fr\/wp-content\/uploads\/2026\/03\/IMG_3031-scaled.jpeg 1920w\" sizes=\"auto, (max-width: 768px) 100vw, 768px\" \/><\/figure>\n\n\n\n<figure class=\"wp-block-image size-large\"><img loading=\"lazy\" decoding=\"async\" width=\"768\" height=\"1024\" data-id=\"45\" src=\"https:\/\/site22.monsitecommeunpro.fr\/wp-content\/uploads\/2026\/03\/IMG_3036-768x1024.jpeg\" alt=\"\" class=\"wp-image-45\" srcset=\"https:\/\/site22.monsitecommeunpro.fr\/wp-content\/uploads\/2026\/03\/IMG_3036-768x1024.jpeg 768w, https:\/\/site22.monsitecommeunpro.fr\/wp-content\/uploads\/2026\/03\/IMG_3036-225x300.jpeg 225w, https:\/\/site22.monsitecommeunpro.fr\/wp-content\/uploads\/2026\/03\/IMG_3036-1152x1536.jpeg 1152w, https:\/\/site22.monsitecommeunpro.fr\/wp-content\/uploads\/2026\/03\/IMG_3036-1536x2048.jpeg 1536w, https:\/\/site22.monsitecommeunpro.fr\/wp-content\/uploads\/2026\/03\/IMG_3036-scaled.jpeg 1920w\" sizes=\"auto, (max-width: 768px) 100vw, 768px\" \/><\/figure>\n<\/figure>\n\n\n\n<div class=\"wp-block-media-text is-stacked-on-mobile\"><figure class=\"wp-block-media-text__media\"><img loading=\"lazy\" decoding=\"async\" width=\"768\" height=\"1024\" src=\"https:\/\/site22.monsitecommeunpro.fr\/wp-content\/uploads\/2026\/03\/IMG_3033-768x1024.jpeg\" alt=\"\" class=\"wp-image-43 size-full\" srcset=\"https:\/\/site22.monsitecommeunpro.fr\/wp-content\/uploads\/2026\/03\/IMG_3033-768x1024.jpeg 768w, https:\/\/site22.monsitecommeunpro.fr\/wp-content\/uploads\/2026\/03\/IMG_3033-225x300.jpeg 225w, https:\/\/site22.monsitecommeunpro.fr\/wp-content\/uploads\/2026\/03\/IMG_3033-1152x1536.jpeg 1152w, https:\/\/site22.monsitecommeunpro.fr\/wp-content\/uploads\/2026\/03\/IMG_3033-1536x2048.jpeg 1536w, https:\/\/site22.monsitecommeunpro.fr\/wp-content\/uploads\/2026\/03\/IMG_3033-scaled.jpeg 1920w\" sizes=\"auto, (max-width: 768px) 100vw, 768px\" \/><\/figure><div class=\"wp-block-media-text__content\">\n<p><strong>Cr\u00eates de Laifour<\/strong><\/p>\n\n\n\n<p>Localisation : Accessible des bois du Hauts de Montherm\u00e9 et de Revin.<\/p>\n\n\n\n<p>Niveau de difficult\u00e9 : Difficile <\/p>\n\n\n\n<p>Temps : 3heure 30min<\/p>\n\n\n\n<p>Distance : Pr\u00e8s de 15Km<\/p>\n<\/div><\/div>\n\n\n\n<blockquote class=\"wp-block-quote is-layout-flow wp-block-quote-is-layout-flow\">\n<ul class=\"wp-block-list\">\n<li><\/li>\n<\/ul>\n<\/blockquote>\n","protected":false},"excerpt":{"rendered":"<p>Voici le top 10 des randonn\u00e9es \u00e0 ne pas louper dans nos Ardennes : Dames de Meuse Localisation : Sur [&hellip;]<\/p>\n","protected":false},"author":1,"featured_media":0,"parent":0,"menu_order":0,"comment_status":"closed","ping_status":"closed","template":"","meta":{"_surecart_dashboard_logo_width":"180px","_surecart_dashboard_show_logo":true,"_surecart_dashboard_navigation_orders":true,"_surecart_dashboard_navigation_invoices":true,"_surecart_dashboard_navigation_subscriptions":true,"_surecart_dashboard_navigation_downloads":true,"_surecart_dashboard_navigation_billing":true,"_surecart_dashboard_navigation_account":true,"_uag_custom_page_level_css":"","site-sidebar-layout":"no-sidebar","site-content-layout":"plain-container","ast-site-content-layout":"default","site-content-style":"default","site-sidebar-style":"default","ast-global-header-display":"","ast-banner-title-visibility":"","ast-main-header-display":"","ast-hfb-above-header-display":"","ast-hfb-below-header-display":"","ast-hfb-mobile-header-display":"","site-post-title":"","ast-breadcrumbs-content":"","ast-featured-img":"","footer-sml-layout":"","ast-disable-related-posts":"","theme-transparent-header-meta":"enabled","adv-header-id-meta":"","stick-header-meta":"","header-above-stick-meta":"","header-main-stick-meta":"","header-below-stick-meta":"","astra-migrate-meta-layouts":"default","ast-page-background-enabled":"default","ast-page-background-meta":{"desktop":{"background-color":"var(--ast-global-color-5)","background-image":"","background-repeat":"repeat","background-position":"center center","background-size":"auto","background-attachment":"scroll","background-type":"","background-media":"","overlay-type":"","overlay-color":"","overlay-opacity":"","overlay-gradient":""},"tablet":{"background-color":"","background-image":"","background-repeat":"repeat","background-position":"center center","background-size":"auto","background-attachment":"scroll","background-type":"","background-media":"","overlay-type":"","overlay-color":"","overlay-opacity":"","overlay-gradient":""},"mobile":{"background-color":"","background-image":"","background-repeat":"repeat","background-position":"center center","background-size":"auto","background-attachment":"scroll","background-type":"","background-media":"","overlay-type":"","overlay-color":"","overlay-opacity":"","overlay-gradient":""}},"ast-content-background-meta":{"desktop":{"background-color":"var(--ast-global-color-4)","background-image":"","background-repeat":"repeat","background-position":"center center","background-size":"auto","background-attachment":"scroll","background-type":"","background-media":"","overlay-type":"","overlay-color":"","overlay-opacity":"","overlay-gradient":""},"tablet":{"background-color":"var(--ast-global-color-4)","background-image":"","background-repeat":"repeat","background-position":"center center","background-size":"auto","background-attachment":"scroll","background-type":"","background-media":"","overlay-type":"","overlay-color":"","overlay-opacity":"","overlay-gradient":""},"mobile":{"background-color":"var(--ast-global-color-4)","background-image":"","background-repeat":"repeat","background-position":"center center","background-size":"auto","background-attachment":"scroll","background-type":"","background-media":"","overlay-type":"","overlay-color":"","overlay-opacity":"","overlay-gradient":""}},"footnotes":""},"class_list":["post-12","page","type-page","status-publish","hentry"],"yoast_head":"<!-- This site is optimized with the Yoast SEO plugin v27.0 - https:\/\/yoast.com\/product\/yoast-seo-wordpress\/ -->\n<title>Les Ardennes, id\u00e9ale pour vos randonn\u00e9es ! -<\/title>\n<meta name=\"robots\" content=\"index, follow, max-snippet:-1, max-image-preview:large, max-video-preview:-1\" \/>\n<link rel=\"canonical\" href=\"https:\/\/site22.monsitecommeunpro.fr\/?page_id=12\" \/>\n<meta property=\"og:locale\" content=\"fr_FR\" \/>\n<meta property=\"og:type\" content=\"article\" \/>\n<meta property=\"og:title\" content=\"Les Ardennes, id\u00e9ale pour vos randonn\u00e9es ! -\" \/>\n<meta property=\"og:description\" content=\"Voici le top 10 des randonn\u00e9es \u00e0 ne pas louper dans nos Ardennes : Dames de Meuse Localisation : Sur [&hellip;]\" \/>\n<meta property=\"og:url\" content=\"https:\/\/site22.monsitecommeunpro.fr\/?page_id=12\" \/>\n<meta property=\"article:modified_time\" content=\"2026-03-03T14:45:39+00:00\" \/>\n<meta property=\"og:image\" content=\"https:\/\/site22.monsitecommeunpro.fr\/wp-content\/uploads\/2026\/03\/IMG_4053-2-scaled.jpeg\" \/>\n\t<meta property=\"og:image:width\" content=\"1920\" \/>\n\t<meta property=\"og:image:height\" content=\"2560\" \/>\n\t<meta property=\"og:image:type\" content=\"image\/jpeg\" \/>\n<meta name=\"twitter:card\" content=\"summary_large_image\" \/>\n<meta name=\"twitter:label1\" content=\"Dur\u00e9e de lecture estim\u00e9e\" \/>\n\t<meta name=\"twitter:data1\" content=\"2 minutes\" \/>\n<script type=\"application\/ld+json\" class=\"yoast-schema-graph\">{\"@context\":\"https:\/\/schema.org\",\"@graph\":[{\"@type\":\"WebPage\",\"@id\":\"https:\/\/site22.monsitecommeunpro.fr\/?page_id=12\",\"url\":\"https:\/\/site22.monsitecommeunpro.fr\/?page_id=12\",\"name\":\"Les Ardennes, id\u00e9ale pour vos randonn\u00e9es ! -\",\"isPartOf\":{\"@id\":\"https:\/\/site22.monsitecommeunpro.fr\/#website\"},\"primaryImageOfPage\":{\"@id\":\"https:\/\/site22.monsitecommeunpro.fr\/?page_id=12#primaryimage\"},\"image\":{\"@id\":\"https:\/\/site22.monsitecommeunpro.fr\/?page_id=12#primaryimage\"},\"thumbnailUrl\":\"https:\/\/site22.monsitecommeunpro.fr\/wp-content\/uploads\/2026\/03\/IMG_4053-2-768x1024.jpeg\",\"datePublished\":\"2026-03-02T07:48:01+00:00\",\"dateModified\":\"2026-03-03T14:45:39+00:00\",\"breadcrumb\":{\"@id\":\"https:\/\/site22.monsitecommeunpro.fr\/?page_id=12#breadcrumb\"},\"inLanguage\":\"fr-FR\",\"potentialAction\":[{\"@type\":\"ReadAction\",\"target\":[\"https:\/\/site22.monsitecommeunpro.fr\/?page_id=12\"]}]},{\"@type\":\"ImageObject\",\"inLanguage\":\"fr-FR\",\"@id\":\"https:\/\/site22.monsitecommeunpro.fr\/?page_id=12#primaryimage\",\"url\":\"https:\/\/site22.monsitecommeunpro.fr\/wp-content\/uploads\/2026\/03\/IMG_4053-2-scaled.jpeg\",\"contentUrl\":\"https:\/\/site22.monsitecommeunpro.fr\/wp-content\/uploads\/2026\/03\/IMG_4053-2-scaled.jpeg\",\"width\":1920,\"height\":2560},{\"@type\":\"BreadcrumbList\",\"@id\":\"https:\/\/site22.monsitecommeunpro.fr\/?page_id=12#breadcrumb\",\"itemListElement\":[{\"@type\":\"ListItem\",\"position\":1,\"name\":\"Accueil\",\"item\":\"https:\/\/site22.monsitecommeunpro.fr\/\"},{\"@type\":\"ListItem\",\"position\":2,\"name\":\"Les Ardennes, id\u00e9ale pour vos randonn\u00e9es !\"}]},{\"@type\":\"WebSite\",\"@id\":\"https:\/\/site22.monsitecommeunpro.fr\/#website\",\"url\":\"https:\/\/site22.monsitecommeunpro.fr\/\",\"name\":\"\",\"description\":\"\",\"potentialAction\":[{\"@type\":\"SearchAction\",\"target\":{\"@type\":\"EntryPoint\",\"urlTemplate\":\"https:\/\/site22.monsitecommeunpro.fr\/?s={search_term_string}\"},\"query-input\":{\"@type\":\"PropertyValueSpecification\",\"valueRequired\":true,\"valueName\":\"search_term_string\"}}],\"inLanguage\":\"fr-FR\"}]}<\/script>\n<!-- \/ Yoast SEO plugin. -->","yoast_head_json":{"title":"Les Ardennes, id\u00e9ale pour vos randonn\u00e9es ! -","robots":{"index":"index","follow":"follow","max-snippet":"max-snippet:-1","max-image-preview":"max-image-preview:large","max-video-preview":"max-video-preview:-1"},"canonical":"https:\/\/site22.monsitecommeunpro.fr\/?page_id=12","og_locale":"fr_FR","og_type":"article","og_title":"Les Ardennes, id\u00e9ale pour vos randonn\u00e9es ! -","og_description":"Voici le top 10 des randonn\u00e9es \u00e0 ne pas louper dans nos Ardennes : Dames de Meuse Localisation : Sur [&hellip;]","og_url":"https:\/\/site22.monsitecommeunpro.fr\/?page_id=12","article_modified_time":"2026-03-03T14:45:39+00:00","og_image":[{"width":1920,"height":2560,"url":"https:\/\/site22.monsitecommeunpro.fr\/wp-content\/uploads\/2026\/03\/IMG_4053-2-scaled.jpeg","type":"image\/jpeg"}],"twitter_card":"summary_large_image","twitter_misc":{"Dur\u00e9e de lecture estim\u00e9e":"2 minutes"},"schema":{"@context":"https:\/\/schema.org","@graph":[{"@type":"WebPage","@id":"https:\/\/site22.monsitecommeunpro.fr\/?page_id=12","url":"https:\/\/site22.monsitecommeunpro.fr\/?page_id=12","name":"Les Ardennes, id\u00e9ale pour vos randonn\u00e9es ! -","isPartOf":{"@id":"https:\/\/site22.monsitecommeunpro.fr\/#website"},"primaryImageOfPage":{"@id":"https:\/\/site22.monsitecommeunpro.fr\/?page_id=12#primaryimage"},"image":{"@id":"https:\/\/site22.monsitecommeunpro.fr\/?page_id=12#primaryimage"},"thumbnailUrl":"https:\/\/site22.monsitecommeunpro.fr\/wp-content\/uploads\/2026\/03\/IMG_4053-2-768x1024.jpeg","datePublished":"2026-03-02T07:48:01+00:00","dateModified":"2026-03-03T14:45:39+00:00","breadcrumb":{"@id":"https:\/\/site22.monsitecommeunpro.fr\/?page_id=12#breadcrumb"},"inLanguage":"fr-FR","potentialAction":[{"@type":"ReadAction","target":["https:\/\/site22.monsitecommeunpro.fr\/?page_id=12"]}]},{"@type":"ImageObject","inLanguage":"fr-FR","@id":"https:\/\/site22.monsitecommeunpro.fr\/?page_id=12#primaryimage","url":"https:\/\/site22.monsitecommeunpro.fr\/wp-content\/uploads\/2026\/03\/IMG_4053-2-scaled.jpeg","contentUrl":"https:\/\/site22.monsitecommeunpro.fr\/wp-content\/uploads\/2026\/03\/IMG_4053-2-scaled.jpeg","width":1920,"height":2560},{"@type":"BreadcrumbList","@id":"https:\/\/site22.monsitecommeunpro.fr\/?page_id=12#breadcrumb","itemListElement":[{"@type":"ListItem","position":1,"name":"Accueil","item":"https:\/\/site22.monsitecommeunpro.fr\/"},{"@type":"ListItem","position":2,"name":"Les Ardennes, id\u00e9ale pour vos randonn\u00e9es !"}]},{"@type":"WebSite","@id":"https:\/\/site22.monsitecommeunpro.fr\/#website","url":"https:\/\/site22.monsitecommeunpro.fr\/","name":"","description":"","potentialAction":[{"@type":"SearchAction","target":{"@type":"EntryPoint","urlTemplate":"https:\/\/site22.monsitecommeunpro.fr\/?s={search_term_string}"},"query-input":{"@type":"PropertyValueSpecification","valueRequired":true,"valueName":"search_term_string"}}],"inLanguage":"fr-FR"}]}},"uagb_featured_image_src":{"full":false,"thumbnail":false,"medium":false,"medium_large":false,"large":false,"1536x1536":false,"2048x2048":false},"uagb_author_info":{"display_name":"admin","author_link":"https:\/\/site22.monsitecommeunpro.fr\/?author=1"},"uagb_comment_info":0,"uagb_excerpt":"Voici le top 10 des randonn\u00e9es \u00e0 ne pas louper dans nos Ardennes : Dames de Meuse Localisation : Sur [&hellip;]","_links":{"self":[{"href":"https:\/\/site22.monsitecommeunpro.fr\/index.php?rest_route=\/wp\/v2\/pages\/12","targetHints":{"allow":["GET"]}}],"collection":[{"href":"https:\/\/site22.monsitecommeunpro.fr\/index.php?rest_route=\/wp\/v2\/pages"}],"about":[{"href":"https:\/\/site22.monsitecommeunpro.fr\/index.php?rest_route=\/wp\/v2\/types\/page"}],"author":[{"embeddable":true,"href":"https:\/\/site22.monsitecommeunpro.fr\/index.php?rest_route=\/wp\/v2\/users\/1"}],"replies":[{"embeddable":true,"href":"https:\/\/site22.monsitecommeunpro.fr\/index.php?rest_route=%2Fwp%2Fv2%2Fcomments&post=12"}],"version-history":[{"count":5,"href":"https:\/\/site22.monsitecommeunpro.fr\/index.php?rest_route=\/wp\/v2\/pages\/12\/revisions"}],"predecessor-version":[{"id":47,"href":"https:\/\/site22.monsitecommeunpro.fr\/index.php?rest_route=\/wp\/v2\/pages\/12\/revisions\/47"}],"wp:attachment":[{"href":"https:\/\/site22.monsitecommeunpro.fr\/index.php?rest_route=%2Fwp%2Fv2%2Fmedia&parent=12"}],"curies":[{"name":"wp","href":"https:\/\/api.w.org\/{rel}","templated":true}]}}